{"id":16983,"date":"2017-02-20T11:52:07","date_gmt":"2017-02-20T11:52:07","guid":{"rendered":"http:\/\/azfil.pt\/?page_id=16983"},"modified":"2019-09-11T17:11:46","modified_gmt":"2019-09-11T17:11:46","slug":"qui-sommes-nous","status":"publish","type":"page","link":"https:\/\/azfil.pt\/?page_id=16983&lang=fr","title":{"rendered":"Qui sommes-nous"},"content":{"rendered":"<p>[vc_row row_type=&#8221;row&#8221; use_row_as_full_screen_section=&#8221;no&#8221; type=&#8221;full_width&#8221; angled_section=&#8221;no&#8221; text_align=&#8221;left&#8221; background_image_as_pattern=&#8221;without_pattern&#8221; css_animation=&#8221;&#8221;][vc_column][vc_empty_space][\/vc_column][\/vc_row][vc_row row_type=&#8221;row&#8221; use_row_as_full_screen_section=&#8221;no&#8221; type=&#8221;grid&#8221; angled_section=&#8221;no&#8221; text_align=&#8221;left&#8221; background_image_as_pattern=&#8221;without_pattern&#8221; css_animation=&#8221;&#8221;][vc_column width=&#8221;1\/2&#8243;][vc_separator type=&#8221;transparent&#8221;][vc_single_image image=&#8221;16707&#8243; img_size=&#8221;full&#8221; qode_css_animation=&#8221;&#8221;][vc_separator type=&#8221;transparent&#8221;][\/vc_column][vc_column width=&#8221;1\/2&#8243;][vc_separator type=&#8221;transparent&#8221;][vc_column_text]<\/p>\n<h5 style=\"text-align: justify;\"><span style=\"color: #9fab00;\">Construction civile et Travaux publics\u00a0;<\/span><\/h5>\n<h5 style=\"text-align: justify;\"><span style=\"color: #9fab00;\">Transports de Marchandises<\/span><\/h5>\n<p>[\/vc_column_text][vc_separator type=&#8221;normal&#8221; color=&#8221;#194529&#8243;][vc_column_text]<\/p>\n<p style=\"text-align: justify;\"><span style=\"color: #000000;\">C\u2019est en <strong>1993<\/strong> que l\u2019entreprise est cr\u00e9\u00e9e marquant ainsi le d\u00e9but de l\u2019activit\u00e9. Au cours de cette premi\u00e8re phase, elle adopte le nom de \u00ab\u00a0Transports Azevedo &amp; Cerqueira Lda.\u00a0\u00bb et oriente sa strat\u00e9gie vers les Transports Occasionnels de Marchandises, la Construction civile et les Travaux publics.<\/span><\/p>\n<p style=\"text-align: justify;\"><span style=\"color: #000000;\">Durant l\u2019ann\u00e9e <strong>2009<\/strong>, elle change de nom et adopte l\u2019actuelle d\u00e9nomination\u00a0: <strong>AZIL, S.A.<\/strong>\u00a0<\/span><span style=\"color: #000000;\"><strong>2010<\/strong> fut l\u2019ann\u00e9e de l\u2019internationalisation avec le lancement et le d\u00e9veloppement sur le march\u00e9 fran\u00e7ais.<\/span><\/p>\n<p>[\/vc_column_text][vc_separator type=&#8221;transparent&#8221;][\/vc_column][\/vc_row][vc_row row_type=&#8221;row&#8221; use_row_as_full_screen_section=&#8221;no&#8221; type=&#8221;grid&#8221; angled_section=&#8221;no&#8221; text_align=&#8221;left&#8221; background_image_as_pattern=&#8221;without_pattern&#8221; css_animation=&#8221;&#8221;][vc_column width=&#8221;1\/2&#8243;][vc_separator type=&#8221;transparent&#8221;][vc_column_text]<\/p>\n<h5><span style=\"color: #9fab00;\">Notre Soci\u00e9t\u00e9<\/span><\/h5>\n<p>[\/vc_column_text][vc_separator type=&#8221;normal&#8221; color=&#8221;#194529&#8243;][vc_accordion active_tab=&#8221;&#8221; collapsible=&#8221;yes&#8221; style=&#8221;accordion&#8221;][vc_accordion_tab title=&#8221;MISSION, VISION ET VALEURS&#8221; title_color=&#8221;#194529&#8243; background_color=&#8221;#ededed&#8221; title_tag=&#8221;h5&#8243;][vc_column_text]<\/p>\n<h5>Mission<\/h5>\n<p style=\"text-align: justify;\">AZFIL a pour mission de d\u00e9velopper, produire et commercialiser des services que les personnes pr\u00e9f\u00e8reront acheter tout en \u00e9tant fiers de les poss\u00e9der, garantissant par ailleurs la cr\u00e9ation de valeur et de p\u00e9rennit\u00e9 de l\u2019affaire avec une politique de responsabilit\u00e9 environnementale.<\/p>\n<p>[\/vc_column_text][vc_separator type=&#8221;normal&#8221; color=&#8221;#194529&#8243;][vc_column_text]<\/p>\n<h5>Vision<\/h5>\n<p style=\"text-align: justify;\">\u00catre parmi les principaux fournisseurs du march\u00e9 et \u00eatre une r\u00e9f\u00e9rence d\u2019excellence tant pour les produits que pour les services que nous commercialisons gr\u00e2ce \u00e0 la satisfaction du client, la valorisation et le respect des personnes, la responsabilit\u00e9 sociale et respect de l\u2019environnement.<\/p>\n<p>[\/vc_column_text][vc_separator type=&#8221;normal&#8221; color=&#8221;#194529&#8243;][vc_column_text]<\/p>\n<h5>Valeurs<\/h5>\n<div>\n<p><span style=\"color: #000000;\">&#8211; Enthousiasme<\/span><\/p>\n<p><span style=\"color: #000000;\">&#8211; Innovation<\/span><\/p>\n<p><span style=\"color: #000000;\">&#8211; Simplicit\u00e9<\/span><\/p>\n<p><span style=\"color: #000000;\">&#8211; Cr\u00e9ativit\u00e9<\/span><\/p>\n<p><span style=\"color: #000000;\">&#8211; Honn\u00eatet\u00e9<\/span><\/p>\n<p><span style=\"color: #000000;\">&#8211; Excellence<\/span><\/p>\n<\/div>\n<p>[\/vc_column_text][vc_separator type=&#8221;normal&#8221; color=&#8221;#194529&#8243;][\/vc_accordion_tab][vc_accordion_tab title=&#8221;RESPONSABILITE SOCIALE&#8221; title_color=&#8221;#194529&#8243; background_color=&#8221;#ededed&#8221; title_tag=&#8221;h5&#8243;][vc_column_text]<\/p>\n<p style=\"text-align: justify;\">Le D\u00e9cret-Loi n\u00ba 147\/2008 du 29 juillet (Loi de la Responsabilit\u00e9 Environnementale) modifi\u00e9 par le D\u00e9cret-Loi n\u00ba 245\/2009 du 22 septembre, par le D\u00e9cret-Loi n\u00ba 29-A\/2011 du 1<sup>er<\/sup> mars et par le D\u00e9cret-Loi n\u00ba 60\/2012 du 14 mars, \u00e9tablit le r\u00e9gime juridique de la responsabilit\u00e9 pour dommages \u00e9cologiques et transpose dans l\u2019ordre juridique national la Directive n\u00ba 2004\/35\/CE du Parlement Europ\u00e9en et du Conseil du 21 avril 2004 qui a approuv\u00e9, sur la base du principe du pollueur-payeur, le r\u00e9gime relatif \u00e0 la responsabilit\u00e9 environnementale applicable \u00e0 la pr\u00e9vention et \u00e0 la r\u00e9paration des dommages \u00e9cologiques, avec la modification qui lui a \u00e9t\u00e9 introduite par la Directive n\u00ba 2006\/21\/CE du Parlement Europ\u00e9en et du Conseil relative \u00e0 les gestion des r\u00e9sidus de l\u2019industrie extractive et par la Directive 2009\/31\/CE du Parlement et du Conseil du 23 avril relative au stockage g\u00e9ologique de dioxyde de carbone.<\/p>\n<p style=\"text-align: justify;\">Le r\u00e9gime de la responsabilit\u00e9 environnementale s\u2019applique aux\u00a0:<\/p>\n<ul style=\"text-align: justify;\">\n<li>Dommages \u00e9cologiques, selon les termes inscrits \u00e0 l\u2019alin\u00e9a e) du n\u00ba 1 de l\u2019art. 11 de la loi\u00a0;<\/li>\n<li>Menaces imminentes de ces dommages, d\u00e9finies \u00e0 l\u2019alin\u00e9a b) du n\u00ba 1 de l\u2019art. 11 de la loi\u00a0;<\/li>\n<\/ul>\n<p style=\"text-align: justify;\">caus\u00e9s en cons\u00e9quence de l\u2019exercice d\u2019une quelconque activit\u00e9 exerc\u00e9e dans le cadre d\u2019une activit\u00e9 \u00e9conomique, ind\u00e9pendamment de son caract\u00e8re publique ou priv\u00e9, lucratif ou non, bri\u00e8vement d\u00e9sign\u00e9e activit\u00e9 professionnelle.<\/p>\n<p style=\"text-align: justify;\">AZIL a une responsabilit\u00e9 environnementale, individuelle et commerciale, tourn\u00e9e vers le d\u00e9veloppement durable de la plan\u00e8te. \u00c0 savoir que ses actions doivent prendre en compte la croissance \u00e9conomique ajust\u00e9e \u00e0 la protection de l\u2019environnement actuel et pour les g\u00e9n\u00e9rations futures, garantissant la p\u00e9rennit\u00e9.<\/p>\n<p>[\/vc_column_text][\/vc_accordion_tab][\/vc_accordion][\/vc_column][vc_column width=&#8221;1\/2&#8243;][vc_separator type=&#8221;transparent&#8221;][vc_column_text]<\/p>\n<h5><span style=\"color: #9fab00;\">Certifications<\/span><\/h5>\n<p>[\/vc_column_text][vc_separator type=&#8221;normal&#8221; color=&#8221;#194529&#8243; down=&#8221;0&#8243;][vc_row_inner row_type=&#8221;row&#8221; type=&#8221;full_width&#8221; text_align=&#8221;left&#8221; css_animation=&#8221;&#8221;][vc_column_inner width=&#8221;2\/4&#8243;][vc_separator type=&#8221;transparent&#8221; up=&#8221;1&#8243;][vc_single_image image=&#8221;16932&#8243; img_size=&#8221;full&#8221; alignment=&#8221;center&#8221; qode_css_animation=&#8221;&#8221;][vc_separator type=&#8221;transparent&#8221;][\/vc_column_inner][vc_column_inner width=&#8221;1\/4&#8243;][vc_separator type=&#8221;transparent&#8221; up=&#8221;1&#8243;][vc_single_image image=&#8221;16931&#8243; img_size=&#8221;full&#8221; alignment=&#8221;center&#8221; qode_css_animation=&#8221;&#8221;][vc_separator type=&#8221;transparent&#8221;][\/vc_column_inner][vc_column_inner width=&#8221;1\/4&#8243;][vc_separator type=&#8221;transparent&#8221; up=&#8221;1&#8243;][vc_single_image image=&#8221;16930&#8243; img_size=&#8221;full&#8221; alignment=&#8221;center&#8221; qode_css_animation=&#8221;&#8221;][vc_separator type=&#8221;transparent&#8221;][\/vc_column_inner][\/vc_row_inner][\/vc_column][\/vc_row]<\/p>\n","protected":false},"excerpt":{"rendered":"<p>[vc_row row_type=&#8221;row&#8221; use_row_as_full_screen_section=&#8221;no&#8221; type=&#8221;full_width&#8221; angled_section=&#8221;no&#8221; text_align=&#8221;left&#8221; background_image_as_pattern=&#8221;without_pattern&#8221; css_animation=&#8221;&#8221;][vc_column][vc_empty_space][\/vc_column][\/vc_row][vc_row row_type=&#8221;row&#8221; use_row_as_full_screen_section=&#8221;no&#8221; type=&#8221;grid&#8221; angled_section=&#8221;no&#8221; text_align=&#8221;left&#8221; background_image_as_pattern=&#8221;without_pattern&#8221; css_animation=&#8221;&#8221;][vc_column width=&#8221;1\/2&#8243;][vc_separator type=&#8221;transparent&#8221;][vc_single_image image=&#8221;16707&#8243; img_size=&#8221;full&#8221; qode_css_animation=&#8221;&#8221;][vc_separator type=&#8221;transparent&#8221;][\/vc_column][vc_column width=&#8221;1\/2&#8243;][vc_separator type=&#8221;transparent&#8221;][vc_column_text] Construction civile et Travaux publics\u00a0; Transports de Marchandises [\/vc_column_text][vc_separator type=&#8221;normal&#8221; color=&#8221;#194529&#8243;][vc_column_text] C\u2019est en 1993 que l\u2019entreprise est cr\u00e9\u00e9e marquant ainsi le d\u00e9but&#8230;<\/p>\n","protected":false},"author":1,"featured_media":0,"parent":0,"menu_order":0,"comment_status":"closed","ping_status":"open","template":"full_width.php","meta":{"footnotes":""},"class_list":["post-16983","page","type-page","status-publish","hentry"],"_links":{"self":[{"href":"https:\/\/azfil.pt\/index.php?rest_route=\/wp\/v2\/pages\/16983","targetHints":{"allow":["GET"]}}],"collection":[{"href":"https:\/\/azfil.pt\/index.php?rest_route=\/wp\/v2\/pages"}],"about":[{"href":"https:\/\/azfil.pt\/index.php?rest_route=\/wp\/v2\/types\/page"}],"author":[{"embeddable":true,"href":"https:\/\/azfil.pt\/index.php?rest_route=\/wp\/v2\/users\/1"}],"replies":[{"embeddable":true,"href":"https:\/\/azfil.pt\/index.php?rest_route=%2Fwp%2Fv2%2Fcomments&post=16983"}],"version-history":[{"count":6,"href":"https:\/\/azfil.pt\/index.php?rest_route=\/wp\/v2\/pages\/16983\/revisions"}],"predecessor-version":[{"id":17118,"href":"https:\/\/azfil.pt\/index.php?rest_route=\/wp\/v2\/pages\/16983\/revisions\/17118"}],"wp:attachment":[{"href":"https:\/\/azfil.pt\/index.php?rest_route=%2Fwp%2Fv2%2Fmedia&parent=16983"}],"curies":[{"name":"wp","href":"https:\/\/api.w.org\/{rel}","templated":true}]}}